{"id":16513,"date":"2021-05-27T14:23:55","date_gmt":"2021-05-27T12:23:55","guid":{"rendered":"https:\/\/www.esi-sba.dz\/fr\/?post_type=tribe_events&#038;p=16513"},"modified":"2021-06-09T16:08:46","modified_gmt":"2021-06-09T14:08:46","slug":"journee-de-lentrepreneuriat-et-de-lemploi-2021","status":"publish","type":"tribe_events","link":"https:\/\/www.esi-sba.dz\/fr\/index.php\/evenements-calendar\/journee-de-lentrepreneuriat-et-de-lemploi-2021\/","title":{"rendered":"Journ\u00e9e de l\u2019Entrepreneuriat et de l\u2019emploi 2021"},"content":{"rendered":"<p>L&rsquo;Ecole sup\u00e9rieure en Informatique de Sidi-Bel-Abb\u00e8s avec sa maison de l&rsquo;entrepreneuriat \u00e0 organis\u00e9e une journ\u00e9e de promotion de l&rsquo;entrepreneuriat et de l&#8217;emploi au b\u00e9n\u00e9fice de ses \u00e9tudiants le Mardi 01 Juin 2021.<\/p>\n<p>Pour l\u2019occasion un ensemble de stands ont \u00e9t\u00e9 tenus par diff\u00e9rents organisme de promotion et de soutien \u00e0 l\u2019emploi et \u00e0 l\u2019entrepreneuriat. (ANADE, ANDI, CNAC, CNRC, CAC, ANPT)<\/p>\n<p>Aussi, la journ\u00e9e c\u2019est poursuivi en d\u00e9but d\u2019apr\u00e8s-midi par l\u2019intervention de la directrice de l\u2019incubation de l&rsquo;ANPT\u00a0Madame Knatef Wassila parlant des activit\u00e9s de son organisation et plus particuli\u00e8rement du processus d\u2019incubation de startups et de projets innovants, les \u00e9tudiants de l\u2019\u00e9cole ont pu \u00e9galement recueillir le t\u00e9moignage d\u2019un porteur de projet en cours d\u2019incubation \u00e0 Sidi Abdellah.<\/p>\n<p>D&rsquo;autres journ\u00e9es seront organis\u00e9es ult\u00e9rieurement avec les organisations qui n\u2019ont pu participer \u00e0 cette date.<\/p>\n<p><u>Programme\u00a0:<\/u><\/p>\n<table>\n<tbody>\n<tr>\n<td width=\"126\">9h-9h15<\/td>\n<td width=\"440\">Accueil des organismes participants (salle de r\u00e9union).<\/td>\n<\/tr>\n<tr>\n<td width=\"126\">9h15-9h30<\/td>\n<td width=\"440\">Mot du directeur et courte pr\u00e9sentation de l&rsquo;\u00e9cole (salle de r\u00e9union).<\/td>\n<\/tr>\n<tr>\n<td width=\"126\">9h30-10h<\/td>\n<td width=\"440\">Installation des stands (Hall central du second cycle).<\/td>\n<\/tr>\n<tr>\n<td width=\"126\">10h-12h45<\/td>\n<td width=\"440\">Ouverture des stands et accueil des \u00e9tudiants.<\/td>\n<\/tr>\n<tr>\n<td width=\"126\">12h45- 14h<\/td>\n<td width=\"440\">Pr\u00e9sentation de l&rsquo;ANPT (Amphi \u00ab\u00a0D\u00a0\u00bb).<\/td>\n<\/tr>\n<\/tbody>\n<\/table>\n<p><u>Organismes participants\u00a0:<\/u><\/p>\n<ul>\n<li>ANADE: Agence Nationale d\u2019Appui et de D\u00e9veloppement de l\u2019Entrepreneuriat (ex. ANSEJ).<\/li>\n<li>ANDI: Agence Nationale du D\u00e9veloppement des Investissements.<\/li>\n<li>CNAC: Caisse Nationale d&rsquo;Assurance Ch\u00f4mage.<\/li>\n<li>CNRC: Centre National Du Registre Du Commerce.<\/li>\n<li>CAC: Centre d\u2019Appui et de Conseil (ex. centre de facilitation des petites et moyennes entreprise PME)<\/li>\n<li>ANPT: Agence Nationale de Promotion et de D\u00e9veloppement des Parcs Technologiques (Incubateur)<\/li>\n<\/ul>\n<p><img fetchpriority=\"high\" decoding=\"async\" class=\"alignnone wp-image-16540 size-large\" src=\"https:\/\/www.esi-sba.dz\/fr\/wp-content\/uploads\/2021\/06\/DSC_0003-1024x576.jpg\" alt=\"\" width=\"1024\" height=\"576\" srcset=\"https:\/\/www.esi-sba.dz\/fr\/wp-content\/uploads\/2021\/06\/DSC_0003-1024x576.jpg 1024w, https:\/\/www.esi-sba.dz\/fr\/wp-content\/uploads\/2021\/06\/DSC_0003-300x169.jpg 300w, https:\/\/www.esi-sba.dz\/fr\/wp-content\/uploads\/2021\/06\/DSC_0003-768x432.jpg 768w, https:\/\/www.esi-sba.dz\/fr\/wp-content\/uploads\/2021\/06\/DSC_0003-1536x864.jpg 1536w, https:\/\/www.esi-sba.dz\/fr\/wp-content\/uploads\/2021\/06\/DSC_0003-2048x1152.jpg 2048w\" sizes=\"(max-width: 1024px) 100vw, 1024px\" \/><\/p>\n<p><img decoding=\"async\" class=\"alignnone wp-image-16541 size-large\" src=\"https:\/\/www.esi-sba.dz\/fr\/wp-content\/uploads\/2021\/06\/DSC_0028-1024x768.jpg\" alt=\"\" width=\"1024\" height=\"768\" srcset=\"https:\/\/www.esi-sba.dz\/fr\/wp-content\/uploads\/2021\/06\/DSC_0028-1024x768.jpg 1024w, https:\/\/www.esi-sba.dz\/fr\/wp-content\/uploads\/2021\/06\/DSC_0028-300x225.jpg 300w, https:\/\/www.esi-sba.dz\/fr\/wp-content\/uploads\/2021\/06\/DSC_0028-768x576.jpg 768w, https:\/\/www.esi-sba.dz\/fr\/wp-content\/uploads\/2021\/06\/DSC_0028-1536x1152.jpg 1536w, https:\/\/www.esi-sba.dz\/fr\/wp-content\/uploads\/2021\/06\/DSC_0028-2048x1536.jpg 2048w\" sizes=\"(max-width: 1024px) 100vw, 1024px\" \/><\/p>\n<p><img decoding=\"async\" class=\"alignnone wp-image-16537 size-large\" src=\"https:\/\/www.esi-sba.dz\/fr\/wp-content\/uploads\/2021\/06\/DSC_0018-1024x768.jpg\" alt=\"\" width=\"1024\" height=\"768\" srcset=\"https:\/\/www.esi-sba.dz\/fr\/wp-content\/uploads\/2021\/06\/DSC_0018-1024x768.jpg 1024w, https:\/\/www.esi-sba.dz\/fr\/wp-content\/uploads\/2021\/06\/DSC_0018-300x225.jpg 300w, https:\/\/www.esi-sba.dz\/fr\/wp-content\/uploads\/2021\/06\/DSC_0018-768x576.jpg 768w, https:\/\/www.esi-sba.dz\/fr\/wp-content\/uploads\/2021\/06\/DSC_0018-1536x1152.jpg 1536w, https:\/\/www.esi-sba.dz\/fr\/wp-content\/uploads\/2021\/06\/DSC_0018-2048x1536.jpg 2048w\" sizes=\"(max-width: 1024px) 100vw, 1024px\" \/><\/p>\n<p><img loading=\"lazy\" decoding=\"async\" class=\"alignnone wp-image-16538 size-large\" src=\"https:\/\/www.esi-sba.dz\/fr\/wp-content\/uploads\/2021\/06\/DSC_0025-1024x768.jpg\" alt=\"\" width=\"1024\" height=\"768\" srcset=\"https:\/\/www.esi-sba.dz\/fr\/wp-content\/uploads\/2021\/06\/DSC_0025-1024x768.jpg 1024w, https:\/\/www.esi-sba.dz\/fr\/wp-content\/uploads\/2021\/06\/DSC_0025-300x225.jpg 300w, https:\/\/www.esi-sba.dz\/fr\/wp-content\/uploads\/2021\/06\/DSC_0025-768x576.jpg 768w, https:\/\/www.esi-sba.dz\/fr\/wp-content\/uploads\/2021\/06\/DSC_0025-1536x1152.jpg 1536w, https:\/\/www.esi-sba.dz\/fr\/wp-content\/uploads\/2021\/06\/DSC_0025-2048x1536.jpg 2048w\" sizes=\"(max-width: 1024px) 100vw, 1024px\" \/><\/p>\n","protected":false},"excerpt":{"rendered":"<p>L&rsquo;Ecole sup\u00e9rieure en Informatique de Sidi-Bel-Abb\u00e8s avec sa maison de l&rsquo;entrepreneuriat \u00e0 organis\u00e9e une journ\u00e9e de promotion de l&rsquo;entrepreneuriat et de l&#8217;emploi au b\u00e9n\u00e9fice de ses \u00e9tudiants le Mardi 01 [&hellip;]<\/p>\n","protected":false},"author":1,"featured_media":16517,"template":"","meta":{"_eb_attr":"","_tribe_events_status":"","_tribe_events_status_reason":"","footnotes":""},"tags":[],"tribe_events_cat":[95,87],"class_list":["post-16513","tribe_events","type-tribe_events","status-publish","has-post-thumbnail","hentry","tribe_events_cat-me","tribe_events_cat-tous","cat_me","cat_tous"],"_links":{"self":[{"href":"https:\/\/www.esi-sba.dz\/fr\/index.php\/wp-json\/wp\/v2\/tribe_events\/16513","targetHints":{"allow":["GET"]}}],"collection":[{"href":"https:\/\/www.esi-sba.dz\/fr\/index.php\/wp-json\/wp\/v2\/tribe_events"}],"about":[{"href":"https:\/\/www.esi-sba.dz\/fr\/index.php\/wp-json\/wp\/v2\/types\/tribe_events"}],"author":[{"embeddable":true,"href":"https:\/\/www.esi-sba.dz\/fr\/index.php\/wp-json\/wp\/v2\/users\/1"}],"version-history":[{"count":5,"href":"https:\/\/www.esi-sba.dz\/fr\/index.php\/wp-json\/wp\/v2\/tribe_events\/16513\/revisions"}],"predecessor-version":[{"id":16539,"href":"https:\/\/www.esi-sba.dz\/fr\/index.php\/wp-json\/wp\/v2\/tribe_events\/16513\/revisions\/16539"}],"wp:featuredmedia":[{"embeddable":true,"href":"https:\/\/www.esi-sba.dz\/fr\/index.php\/wp-json\/wp\/v2\/media\/16517"}],"wp:attachment":[{"href":"https:\/\/www.esi-sba.dz\/fr\/index.php\/wp-json\/wp\/v2\/media?parent=16513"}],"wp:term":[{"taxonomy":"post_tag","embeddable":true,"href":"https:\/\/www.esi-sba.dz\/fr\/index.php\/wp-json\/wp\/v2\/tags?post=16513"},{"taxonomy":"tribe_events_cat","embeddable":true,"href":"https:\/\/www.esi-sba.dz\/fr\/index.php\/wp-json\/wp\/v2\/tribe_events_cat?post=16513"}],"curies":[{"name":"wp","href":"https:\/\/api.w.org\/{rel}","templated":true}]}}