{"id":20146,"date":"2023-05-17T09:45:14","date_gmt":"2023-05-17T08:45:14","guid":{"rendered":"https:\/\/www.esi-sba.dz\/fr\/?post_type=tribe_events&#038;p=20146"},"modified":"2023-07-03T10:34:56","modified_gmt":"2023-07-03T09:34:56","slug":"concours-dacces-au-second-cycle-a-lesi-sba-session-2023","status":"publish","type":"tribe_events","link":"https:\/\/www.esi-sba.dz\/fr\/index.php\/evenements-calendar\/concours-dacces-au-second-cycle-a-lesi-sba-session-2023\/","title":{"rendered":"Annonce concours d\u2019acc\u00e8s au second cycle"},"content":{"rendered":"<p align=\"justify\"><span style=\"color: #000000;\"><span style=\"font-family: Arial, serif;\"><span style=\"font-size: medium;\">Le Concours d\u2019acc\u00e8s au second cycle de la formation d\u2019ing\u00e9nieur de l\u2019\u00e9cole sup\u00e9rieure en Informatique de Sidi-Bel-Abb\u00e8s sera organis\u00e9 le <\/span><\/span><\/span><span style=\"color: #000000;\"><span style=\"font-family: Arial, serif;\"><span style=\"font-size: medium;\"><b>Lundi 26 juin 2023<\/b><\/span><\/span><\/span><span style=\"color: #000000;\"><span style=\"font-family: Arial, serif;\"><span style=\"font-size: medium;\">.<\/span><\/span><\/span><\/p>\n<p align=\"justify\"><span style=\"color: #000000;\"><span style=\"font-family: Arial, serif;\"><span style=\"font-size: medium;\">Le concours est ouvert aux :<\/span><\/span><\/span><\/p>\n<p><span style=\"font-family: Arial, serif;\">1. Etudiants des autres \u00e9coles relevant du m\u00eame domaine ayant accompli avec succ\u00e8s les deux ann\u00e9es de la formation pr\u00e9paratoire.<\/span><\/p>\n<p align=\"justify\"><a name=\"_GoBack\"><\/a> <span style=\"font-family: Arial, serif;\">2. Etudiants ayant achev\u00e9 avec succ\u00e8s deux ann\u00e9es de Licence \u00e0 l\u2019universit\u00e9 ou au centre universitaire (\u00e9tant inscrit en L2 ou en L3), sans aucune redoublement, et n\u2019a fait l\u2019objet d\u2019aucune mesure disciplinaire. Les crit\u00e8res de pr\u00e9-s\u00e9lection des dossiers de candidatures sont \u00e0 l\u2019appr\u00e9ciation de <\/span><span style=\"color: #000000;\"><span style=\"font-family: Arial, serif;\"><span style=\"font-size: medium;\">la commission du concours habilit\u00e9e \u00e0 \u00e9cole. <\/span><\/span><\/span><\/p>\n<p align=\"justify\"><span style=\"color: #000000;\"><span style=\"font-family: Arial, serif;\"><span style=\"font-size: medium;\">Les candidats issus des universit\u00e9s et des centres universitaires doivent \u00eatre <\/span><\/span><\/span><span style=\"font-family: Arial, serif;\"><span style=\"font-size: medium;\"><b><span style=\"color: #000000;\">class\u00e9s parmi les 10% premiers de la promotion. <\/span><\/b><\/span><\/span><\/p>\n<ul>\n<li><span style=\"color: #000000;\"><span style=\"font-family: Arial, serif;\"><span style=\"font-size: medium;\">Une demande du candidat\u00a0<\/span><\/span><\/span><span style=\"color: #00a99b;\"><span style=\"font-family: Arial, serif;\"><span style=\"font-size: medium;\"><a href=\"https:\/\/www.esi-sba.dz\/fr\/wp-content\/uploads\/2023\/05\/formulaire-concours2023.pdf\">T\u00e9l\u00e9charger<\/a><\/span><\/span><\/span><\/li>\n<li><span style=\"color: #000000;\"><span style=\"font-family: Arial, serif;\"><span style=\"font-size: medium;\">Une copie du baccalaur\u00e9at<\/span><\/span><\/span><\/li>\n<li><span style=\"color: #000000;\"><span style=\"font-family: Arial, serif;\"><span style=\"font-size: medium;\">Les relev\u00e9s de notes des 04 semestres d\u2019\u00e9tudes.<\/span><\/span><\/span><\/li>\n<li><span style=\"color: #000000;\"><span style=\"font-family: Arial, serif;\"><span style=\"font-size: medium;\">Attestation de bonne conduite<\/span><\/span><\/span><\/li>\n<li><span style=\"font-family: Arial, serif;\"><span style=\"font-size: medium;\"><span style=\"color: #000000;\">Attestation de classement<\/span><\/span><\/span><\/li>\n<li><span style=\"color: #000000;\"><span style=\"font-family: Arial, serif;\"><span style=\"font-size: medium;\">Une photo.<\/span><\/span><\/span><\/li>\n<\/ul>\n<p><span style=\"color: #000000;\"><span style=\"font-family: Arial, serif;\"><span style=\"font-size: medium;\">Les dossiers d\u2019inscription au concours doivent \u00eatre d\u00e9pos\u00e9s ou transmis par e-mail \u00e0 l\u2019adresse\u00a0: <\/span><\/span><\/span><span style=\"color: #000000;\"><span style=\"font-family: Arial, serif;\"><span style=\"font-size: medium;\"><b>ded@esi-sba.dz<\/b><\/span><\/span><\/span><span style=\"color: #000000;\"><span style=\"font-family: Arial, serif;\"><span style=\"font-size: medium;\">, au plus tard\u00a0le <\/span><\/span><\/span><span style=\"color: #000000;\"><span style=\"font-family: Arial, serif;\"><span style=\"font-size: medium;\"><b>Dimanche 11<\/b><\/span><\/span><\/span><span style=\"font-family: Arial, serif;\"><span style=\"font-size: medium;\"><b><span style=\"color: #000000;\"> juin 2023 \u00e0 16h00. <\/span><\/b><\/span><\/span><\/p>\n<p><span style=\"color: #000000;\"><span style=\"font-family: Arial, serif;\"><span style=\"font-size: medium;\"><b>Tout dossier incomplet ou re\u00e7u apr\u00e8s cette date sera rejet\u00e9.<\/b><\/span><\/span><\/span><\/p>\n<p>&nbsp;<\/p>\n<p style=\"text-align: center;\">\n<table id=\"tablepress-23\" class=\"tablepress tablepress-id-23\">\n<thead>\n<tr class=\"row-1\">\n\t<th class=\"column-1\">Epreuves<\/strong><\/th><th class=\"column-2\">Mati\u00e8res<strong><\/th><th class=\"column-3\">Dur\u00e9e de l\u2019\u00e9preuve<\/strong><\/th><th class=\"column-4\">                   Horaire           <strong><\/th><th class=\"column-5\">Coefficient<\/strong><\/th>\n<\/tr>\n<\/thead>\n<tbody class=\"row-striping row-hover\">\n<tr class=\"row-2\">\n\t<td class=\"column-1\">Math\u00e9matiques (Programme de 2\u00e8me ann\u00e9e)<\/td><td class=\"column-2\">\u2013 Analyse<br \/>\n\u2013 Alg\u00e8bre<br \/>\n\u2013 Logique math\u00e9matique<\/td><td class=\"column-3\">2 Heures<\/td><td class=\"column-4\">09h00-<br \/>\n11h00<\/td><td class=\"column-5\">1<\/td>\n<\/tr>\n<tr class=\"row-3\">\n\t<td class=\"column-1\">Informatique<\/td><td class=\"column-2\">\u2013 Algorithmique et programmation <br \/>\n    \u2022 Algorithmique et structures de donn\u00e9es dynamiques. <br \/>\n    \u2022 Structure Fichiers et Structures de Donn\u00e9es. <br \/>\n    \u2022  Programmation Orient\u00e9e Objet<br \/>\n\u2013 Architecture des ordinateurs (Programme de 2\u00e8me ann\u00e9e)<\/td><td class=\"column-3\">2 Heures<\/td><td class=\"column-4\">13h00-<br \/>\n15h00<\/td><td class=\"column-5\">1<\/td>\n<\/tr>\n<\/tbody>\n<\/table>\n<\/p>\n","protected":false},"excerpt":{"rendered":"<p>Le Concours d\u2019acc\u00e8s au second cycle de la formation d\u2019ing\u00e9nieur de l\u2019\u00e9cole sup\u00e9rieure en Informatique de Sidi-Bel-Abb\u00e8s sera organis\u00e9 le Lundi 26 juin 2023. Le concours est ouvert aux : [&hellip;]<\/p>\n","protected":false},"author":1,"featured_media":20148,"template":"","meta":{"_eb_attr":"","_tribe_events_status":"","_tribe_events_status_reason":"","footnotes":""},"tags":[],"tribe_events_cat":[87],"class_list":["post-20146","tribe_events","type-tribe_events","status-publish","has-post-thumbnail","hentry","tribe_events_cat-tous","cat_tous"],"_links":{"self":[{"href":"https:\/\/www.esi-sba.dz\/fr\/index.php\/wp-json\/wp\/v2\/tribe_events\/20146","targetHints":{"allow":["GET"]}}],"collection":[{"href":"https:\/\/www.esi-sba.dz\/fr\/index.php\/wp-json\/wp\/v2\/tribe_events"}],"about":[{"href":"https:\/\/www.esi-sba.dz\/fr\/index.php\/wp-json\/wp\/v2\/types\/tribe_events"}],"author":[{"embeddable":true,"href":"https:\/\/www.esi-sba.dz\/fr\/index.php\/wp-json\/wp\/v2\/users\/1"}],"version-history":[{"count":4,"href":"https:\/\/www.esi-sba.dz\/fr\/index.php\/wp-json\/wp\/v2\/tribe_events\/20146\/revisions"}],"predecessor-version":[{"id":20228,"href":"https:\/\/www.esi-sba.dz\/fr\/index.php\/wp-json\/wp\/v2\/tribe_events\/20146\/revisions\/20228"}],"wp:featuredmedia":[{"embeddable":true,"href":"https:\/\/www.esi-sba.dz\/fr\/index.php\/wp-json\/wp\/v2\/media\/20148"}],"wp:attachment":[{"href":"https:\/\/www.esi-sba.dz\/fr\/index.php\/wp-json\/wp\/v2\/media?parent=20146"}],"wp:term":[{"taxonomy":"post_tag","embeddable":true,"href":"https:\/\/www.esi-sba.dz\/fr\/index.php\/wp-json\/wp\/v2\/tags?post=20146"},{"taxonomy":"tribe_events_cat","embeddable":true,"href":"https:\/\/www.esi-sba.dz\/fr\/index.php\/wp-json\/wp\/v2\/tribe_events_cat?post=20146"}],"curies":[{"name":"wp","href":"https:\/\/api.w.org\/{rel}","templated":true}]}}