{"id":21462,"date":"2024-02-29T15:57:29","date_gmt":"2024-02-29T14:57:29","guid":{"rendered":"https:\/\/www.esi-sba.dz\/fr\/?post_type=tribe_events&#038;p=21462"},"modified":"2024-02-29T16:27:25","modified_gmt":"2024-02-29T15:27:25","slug":"formation-dans-le-cadre-de-arrete-1275-diplome-brevet-diplome-startup","status":"publish","type":"tribe_events","link":"https:\/\/www.esi-sba.dz\/fr\/index.php\/evenements-calendar\/formation-dans-le-cadre-de-arrete-1275-diplome-brevet-diplome-startup\/","title":{"rendered":"Formation dans le cadre de l&rsquo;arr\u00eat\u00e9 1275 Dipl\u00f4me-Brevet\/Dipl\u00f4me-Startup"},"content":{"rendered":"<div class=\"xdj266r x11i5rnm xat24cr x1mh8g0r x1vvkbs x126k92a\">\n<p>Une journ\u00e9e de formation d\u00e9di\u00e9e aux \u00e9tudiants de l&rsquo;\u00e9cole, engag\u00e9s dans des projets de fin d&rsquo;\u00e9tudes en vue de l&rsquo;obtention d&rsquo;un Dipl\u00f4me-Brevet\/ Dipl\u00f4me-Startup, conform\u00e9ment aux dispositions de l&rsquo;Arr\u00eat\u00e9 Minist\u00e9riel 1275, a \u00e9t\u00e9 organis\u00e9e aujourd&rsquo;hui par l&rsquo;incubateur de l&rsquo;\u00c9cole Sup\u00e9rieure d&rsquo;Informatique de Sidi Bel Abbes.<\/p>\n<p>Cette journ\u00e9e s&rsquo;est articul\u00e9e autour de trois s\u00e9ances de formation. Tout d&rsquo;abord, une session sur le Business Model Canvas a \u00e9t\u00e9 propos\u00e9e, suivie d&rsquo;une initiation au Design Thinking, dispens\u00e9e par le Professeur BOUABDELLAH Wassila. Ensuite, une attention particuli\u00e8re a \u00e9t\u00e9 accord\u00e9e \u00e0 la question de la propri\u00e9t\u00e9 intellectuelle et industrielle, avec une formation anim\u00e9e par le Professeur LOUARAD Naima.<\/p>\n<p>Cette initiative a \u00e9t\u00e9 mise en place dans le dessein d&rsquo;offrir aux \u00e9tudiants les outils et les connaissances n\u00e9cessaires pour mener \u00e0 bien leurs projets, en tenant compte des exigences et des d\u00e9fis du monde professionnel actuel. En permettant aux \u00e9tudiants d&rsquo;acqu\u00e9rir une expertise dans des domaines cl\u00e9s tels que la conception de mod\u00e8les commerciaux, la pens\u00e9e conceptuelle et la protection de la propri\u00e9t\u00e9 intellectuelle, cette journ\u00e9e de formation a jou\u00e9 un r\u00f4le essentiel dans le d\u00e9veloppement des comp\u00e9tences entrepreneuriales et professionnelles des participants.<\/p>\n<\/div>\n<p>&nbsp;<\/p>\n<div dir=\"auto\"><\/div>\n<div dir=\"auto\"><\/div>\n<div dir=\"auto\"><\/div>\n<div dir=\"auto\"><\/div>\n<div dir=\"auto\">\n<div class=\"n2_ss_slider_publish__option_code\" dir=\"ltr\" style=\"text-align: center;\" data-mode=\"id\"><\/div>\n<\/div>\n","protected":false},"excerpt":{"rendered":"<p>Une journ\u00e9e de formation d\u00e9di\u00e9e aux \u00e9tudiants de l&rsquo;\u00e9cole, engag\u00e9s dans des projets de fin d&rsquo;\u00e9tudes en vue de l&rsquo;obtention d&rsquo;un Dipl\u00f4me-Brevet\/ Dipl\u00f4me-Startup, conform\u00e9ment aux dispositions de l&rsquo;Arr\u00eat\u00e9 Minist\u00e9riel 1275, [&hellip;]<\/p>\n","protected":false},"author":1,"featured_media":21471,"template":"","meta":{"_eb_attr":"","_tribe_events_status":"","_tribe_events_status_reason":"","footnotes":""},"tags":[],"tribe_events_cat":[87],"class_list":["post-21462","tribe_events","type-tribe_events","status-publish","has-post-thumbnail","hentry","tribe_events_cat-tous","cat_tous"],"_links":{"self":[{"href":"https:\/\/www.esi-sba.dz\/fr\/index.php\/wp-json\/wp\/v2\/tribe_events\/21462","targetHints":{"allow":["GET"]}}],"collection":[{"href":"https:\/\/www.esi-sba.dz\/fr\/index.php\/wp-json\/wp\/v2\/tribe_events"}],"about":[{"href":"https:\/\/www.esi-sba.dz\/fr\/index.php\/wp-json\/wp\/v2\/types\/tribe_events"}],"author":[{"embeddable":true,"href":"https:\/\/www.esi-sba.dz\/fr\/index.php\/wp-json\/wp\/v2\/users\/1"}],"version-history":[{"count":2,"href":"https:\/\/www.esi-sba.dz\/fr\/index.php\/wp-json\/wp\/v2\/tribe_events\/21462\/revisions"}],"predecessor-version":[{"id":21473,"href":"https:\/\/www.esi-sba.dz\/fr\/index.php\/wp-json\/wp\/v2\/tribe_events\/21462\/revisions\/21473"}],"wp:featuredmedia":[{"embeddable":true,"href":"https:\/\/www.esi-sba.dz\/fr\/index.php\/wp-json\/wp\/v2\/media\/21471"}],"wp:attachment":[{"href":"https:\/\/www.esi-sba.dz\/fr\/index.php\/wp-json\/wp\/v2\/media?parent=21462"}],"wp:term":[{"taxonomy":"post_tag","embeddable":true,"href":"https:\/\/www.esi-sba.dz\/fr\/index.php\/wp-json\/wp\/v2\/tags?post=21462"},{"taxonomy":"tribe_events_cat","embeddable":true,"href":"https:\/\/www.esi-sba.dz\/fr\/index.php\/wp-json\/wp\/v2\/tribe_events_cat?post=21462"}],"curies":[{"name":"wp","href":"https:\/\/api.w.org\/{rel}","templated":true}]}}