{"id":9882,"date":"2020-02-11T10:22:53","date_gmt":"2020-02-11T09:22:53","guid":{"rendered":"http:\/\/193.194.79.200\/fr\/?post_type=tribe_events&#038;p=9882"},"modified":"2021-02-24T10:18:17","modified_gmt":"2021-02-24T09:18:17","slug":"seminaire-de-lequipe-isewed-2020","status":"publish","type":"tribe_events","link":"https:\/\/www.esi-sba.dz\/fr\/index.php\/evenements-calendar\/seminaire-de-lequipe-isewed-2020\/","title":{"rendered":"S\u00e9minaire de l&rsquo;\u00e9quipe ISEWED 2020"},"content":{"rendered":"<p>Le premier s\u00e9minaire (Ann\u00e9e 2020) de l&rsquo;\u00e9quipe \u00ab\u00a0Information Systems Engineering and Data Web\u00a0\u00bb aura lieu ce Jeudi 13 F\u00e9vrier \u00e0 l&rsquo;ESI-SBA , \u00e0 9h 30&prime; (Salle de Soutenance) :<\/p>\n<table>\n<tbody>\n<tr>\n<td><strong>\u00c9quipe :\u00a0\u00a0<em>Information Systems Engineering and Data Web\u00a0<\/em><\/strong><\/td>\n<\/tr>\n<tr>\n<td>\n<table align=\"center\">\n<tbody>\n<tr>\n<td><strong>\u00a0DATE<\/strong><\/td>\n<td><strong>\u00a0<\/strong><\/td>\n<td><strong>\u00a0INTERVENANTS<\/strong><\/td>\n<td><strong>\u00a0<\/strong><\/td>\n<td><strong>\u00a0TH\u00c8ME<\/strong><\/td>\n<\/tr>\n<tr>\n<td><\/td>\n<td><\/td>\n<td><\/td>\n<td><\/td>\n<td><\/td>\n<\/tr>\n<tr>\n<td>Jeudi<\/td>\n<td><\/td>\n<td>Awad Samir<\/td>\n<td><\/td>\n<td>Composition de Services S\u00e9mantiques dans le web des Objets<\/td>\n<\/tr>\n<tr>\n<td>13\/02\/2020<\/td>\n<td><\/td>\n<td>Lehireche Nasserine<\/td>\n<td><\/td>\n<td>Int\u00e9gration des Syst\u00e8mes d\u2019Information dirig\u00e9e par les donn\u00e9es li\u00e9es<\/td>\n<\/tr>\n<\/tbody>\n<\/table>\n<\/td>\n<\/tr>\n<\/tbody>\n<\/table>\n","protected":false},"excerpt":{"rendered":"<p>Le prochain s\u00e9minaire de l&rsquo;\u00e9quipe \u00ab\u00a0Information Systems Engineering and Data Web\u00a0\u00bb aura lieu le Mercredi 26 F\u00e9vrier \u00e0 l&rsquo;ESI-SBA , \u00e0 9h 30&prime; (Salle de Soutenance) :<\/p>\n<p>Au programme :<\/p>\n<p>\u00c9quipe :  Information Systems Engineering and Data Web <\/p>\n<p> DATE\t \t INTERVENANTS\t \t TH\u00c8ME<\/p>\n<p>Mercredi<\/p>\n<p>   \tBenhamouda Mohamed \t   \t\u00c9quilibrage de charges dans un environnement de Cloud Computing<br \/>\n26\/02\/2020<\/p>\n<p> \t \tBelfadal Mohamed\t \tUne approche s\u00e9mantique pour le d\u00e9ploiement de Mashup d\u2019entreprise dans un Cloud priv\u00e9<\/p>\n","protected":false},"author":1,"featured_media":10578,"template":"","meta":{"_eb_attr":"","_tribe_events_status":"","_tribe_events_status_reason":"","footnotes":""},"tags":[],"tribe_events_cat":[87],"class_list":["post-9882","tribe_events","type-tribe_events","status-publish","has-post-thumbnail","hentry","tribe_events_cat-tous","cat_tous"],"_links":{"self":[{"href":"https:\/\/www.esi-sba.dz\/fr\/index.php\/wp-json\/wp\/v2\/tribe_events\/9882","targetHints":{"allow":["GET"]}}],"collection":[{"href":"https:\/\/www.esi-sba.dz\/fr\/index.php\/wp-json\/wp\/v2\/tribe_events"}],"about":[{"href":"https:\/\/www.esi-sba.dz\/fr\/index.php\/wp-json\/wp\/v2\/types\/tribe_events"}],"author":[{"embeddable":true,"href":"https:\/\/www.esi-sba.dz\/fr\/index.php\/wp-json\/wp\/v2\/users\/1"}],"version-history":[{"count":4,"href":"https:\/\/www.esi-sba.dz\/fr\/index.php\/wp-json\/wp\/v2\/tribe_events\/9882\/revisions"}],"predecessor-version":[{"id":14879,"href":"https:\/\/www.esi-sba.dz\/fr\/index.php\/wp-json\/wp\/v2\/tribe_events\/9882\/revisions\/14879"}],"wp:featuredmedia":[{"embeddable":true,"href":"https:\/\/www.esi-sba.dz\/fr\/index.php\/wp-json\/wp\/v2\/media\/10578"}],"wp:attachment":[{"href":"https:\/\/www.esi-sba.dz\/fr\/index.php\/wp-json\/wp\/v2\/media?parent=9882"}],"wp:term":[{"taxonomy":"post_tag","embeddable":true,"href":"https:\/\/www.esi-sba.dz\/fr\/index.php\/wp-json\/wp\/v2\/tags?post=9882"},{"taxonomy":"tribe_events_cat","embeddable":true,"href":"https:\/\/www.esi-sba.dz\/fr\/index.php\/wp-json\/wp\/v2\/tribe_events_cat?post=9882"}],"curies":[{"name":"wp","href":"https:\/\/api.w.org\/{rel}","templated":true}]}}